{"id":2110,"date":"2026-03-21T13:28:09","date_gmt":"2026-03-21T13:28:09","guid":{"rendered":"https:\/\/seminariodomlefebvre.com\/?page_id=2110"},"modified":"2026-03-30T22:55:41","modified_gmt":"2026-03-30T22:55:41","slug":"cotidiano","status":"publish","type":"page","link":"https:\/\/seminariodomlefebvre.com\/en\/cotidiano\/","title":{"rendered":"Vida Cotidiana"},"content":{"rendered":"\t\t<div data-elementor-type=\"wp-page\" data-elementor-id=\"2110\" class=\"elementor elementor-2110\" data-elementor-settings=\"{&quot;ha_cmc_init_switcher&quot;:&quot;no&quot;}\" data-elementor-post-type=\"page\">\n\t\t\t\t<div class=\"elementor-element elementor-element-139c82d6 e-flex e-con-boxed e-con e-parent\" data-id=\"139c82d6\" data-element_type=\"container\" data-e-type=\"container\" data-settings=\"{&quot;_ha_eqh_enable&quot;:false}\">\n\t\t\t\t\t<div class=\"e-con-inner\">\n\t\t\t\t<div class=\"elementor-element elementor-element-33c1029c elementor-headline--style-highlight elementor-widget elementor-widget-animated-headline\" data-id=\"33c1029c\" data-element_type=\"widget\" data-e-type=\"widget\" data-settings=\"{&quot;marker&quot;:&quot;curly&quot;,&quot;highlighted_text&quot;:&quot;SAJM&quot;,&quot;headline_style&quot;:&quot;highlight&quot;,&quot;loop&quot;:&quot;yes&quot;,&quot;highlight_animation_duration&quot;:1200,&quot;highlight_iteration_delay&quot;:8000}\" data-widget_type=\"animated-headline.default\">\n\t\t\t\t\t\t\t<h3 class=\"elementor-headline\">\n\t\t\t\t\t<span class=\"elementor-headline-plain-text elementor-headline-text-wrapper\">Semin\u00e1rio Dom Marcel Lefebvre<br><\/span>\n\t\t\t\t<span class=\"elementor-headline-dynamic-wrapper elementor-headline-text-wrapper\">\n\t\t\t\t\t<span class=\"elementor-headline-dynamic-text elementor-headline-text-active\">SAJM<\/span>\n\t\t\t\t<\/span>\n\t\t\t\t<\/h3>\n\t\t\t\t\t\t<\/div>\n\t\t\t\t\t<\/div>\n\t\t\t\t<\/div>\n\t\t<div class=\"elementor-element elementor-element-44d021a e-flex e-con-boxed e-con e-parent\" data-id=\"44d021a\" data-element_type=\"container\" data-e-type=\"container\" data-settings=\"{&quot;_ha_eqh_enable&quot;:false}\">\n\t\t\t\t\t<div class=\"e-con-inner\">\n\t\t<div class=\"elementor-element elementor-element-ae6e825 e-con-full e-flex e-con e-child\" data-id=\"ae6e825\" data-element_type=\"container\" data-e-type=\"container\" data-settings=\"{&quot;_ha_eqh_enable&quot;:false}\">\n\t\t\t\t<div class=\"elementor-element elementor-element-6df7bf8 elementor-widget elementor-widget-image\" data-id=\"6df7bf8\" data-element_type=\"widget\" data-e-type=\"widget\" data-widget_type=\"image.default\">\n\t\t\t\t\t\t\t\t\t\t\t\t\t\t\t\t<a href=\"http:\/\/seminariodomlefebvre.com\">\n\t\t\t\t\t\t\t<img fetchpriority=\"high\" decoding=\"async\" width=\"1536\" height=\"1024\" src=\"https:\/\/seminariodomlefebvre.com\/wp-content\/uploads\/2026\/02\/sajm-logo-oficial.png\" class=\"attachment-full size-full wp-image-1703\" alt=\"\" srcset=\"https:\/\/seminariodomlefebvre.com\/wp-content\/uploads\/2026\/02\/sajm-logo-oficial.png 1536w, https:\/\/seminariodomlefebvre.com\/wp-content\/uploads\/2026\/02\/sajm-logo-oficial-300x200.png 300w, https:\/\/seminariodomlefebvre.com\/wp-content\/uploads\/2026\/02\/sajm-logo-oficial-1024x683.png 1024w, https:\/\/seminariodomlefebvre.com\/wp-content\/uploads\/2026\/02\/sajm-logo-oficial-768x512.png 768w, https:\/\/seminariodomlefebvre.com\/wp-content\/uploads\/2026\/02\/sajm-logo-oficial-600x400.png 600w\" sizes=\"(max-width: 1536px) 100vw, 1536px\" \/>\t\t\t\t\t\t\t\t<\/a>\n\t\t\t\t\t\t\t\t\t\t\t\t\t\t\t<\/div>\n\t\t\t\t<div class=\"elementor-element elementor-element-7c3b4cb elementor-widget-divider--view-line elementor-widget elementor-widget-divider\" data-id=\"7c3b4cb\" data-element_type=\"widget\" data-e-type=\"widget\" data-widget_type=\"divider.default\">\n\t\t\t\t\t\t\t<div class=\"elementor-divider\">\n\t\t\t<span class=\"elementor-divider-separator\">\n\t\t\t\t\t\t<\/span>\n\t\t<\/div>\n\t\t\t\t\t\t<\/div>\n\t\t\t\t<\/div>\n\t\t\t\t\t<\/div>\n\t\t\t\t<\/div>\n\t\t<div class=\"elementor-element elementor-element-9a60db5 e-flex e-con-boxed e-con e-parent\" data-id=\"9a60db5\" data-element_type=\"container\" data-e-type=\"container\" data-settings=\"{&quot;_ha_eqh_enable&quot;:false}\">\n\t\t\t\t\t<div class=\"e-con-inner\">\n\t\t<div class=\"elementor-element elementor-element-2aa47ae e-con-full e-flex e-con e-child\" data-id=\"2aa47ae\" data-element_type=\"container\" data-e-type=\"container\" data-settings=\"{&quot;_ha_eqh_enable&quot;:false}\">\n\t\t\t\t<div class=\"elementor-element elementor-element-c01750d e-full_width e-n-menu-layout-horizontal e-n-menu-tablet elementor-widget elementor-widget-n-menu\" data-id=\"c01750d\" data-element_type=\"widget\" data-e-type=\"widget\" data-settings=\"{&quot;menu_items&quot;:[{&quot;item_title&quot;:&quot;In\\u00edcio&quot;,&quot;_id&quot;:&quot;2d1434a&quot;,&quot;item_link&quot;:{&quot;url&quot;:&quot;https:\\\/\\\/seminariodomlefebvre.com\\\/&quot;,&quot;is_external&quot;:&quot;&quot;,&quot;nofollow&quot;:&quot;&quot;,&quot;custom_attributes&quot;:&quot;&quot;},&quot;item_dropdown_content&quot;:&quot;no&quot;,&quot;item_icon&quot;:{&quot;value&quot;:&quot;&quot;,&quot;library&quot;:&quot;&quot;},&quot;item_icon_active&quot;:null,&quot;element_id&quot;:&quot;&quot;},{&quot;item_title&quot;:&quot;Semin\\u00e1rio&quot;,&quot;_id&quot;:&quot;be27394&quot;,&quot;item_link&quot;:{&quot;url&quot;:&quot;https:\\\/\\\/seminariodomlefebvre.com\\\/seminario\\\/&quot;,&quot;is_external&quot;:&quot;&quot;,&quot;nofollow&quot;:&quot;&quot;,&quot;custom_attributes&quot;:&quot;&quot;},&quot;item_dropdown_content&quot;:&quot;no&quot;,&quot;item_icon&quot;:{&quot;value&quot;:&quot;&quot;,&quot;library&quot;:&quot;&quot;},&quot;item_icon_active&quot;:null,&quot;element_id&quot;:&quot;&quot;},{&quot;item_title&quot;:&quot;Palavra do Diretor&quot;,&quot;item_link&quot;:{&quot;url&quot;:&quot;https:\\\/\\\/seminariodomlefebvre.com\\\/diretor\\\/&quot;,&quot;is_external&quot;:&quot;&quot;,&quot;nofollow&quot;:&quot;&quot;,&quot;custom_attributes&quot;:&quot;&quot;},&quot;_id&quot;:&quot;91995d2&quot;,&quot;item_dropdown_content&quot;:&quot;no&quot;,&quot;item_icon&quot;:{&quot;value&quot;:&quot;&quot;,&quot;library&quot;:&quot;&quot;},&quot;item_icon_active&quot;:null,&quot;element_id&quot;:&quot;&quot;},{&quot;item_title&quot;:&quot;SAJM&quot;,&quot;_id&quot;:&quot;2f42eaa&quot;,&quot;item_link&quot;:{&quot;url&quot;:&quot;https:\\\/\\\/seminariodomlefebvre.com\\\/sociedade\\\/&quot;,&quot;is_external&quot;:&quot;&quot;,&quot;nofollow&quot;:&quot;&quot;,&quot;custom_attributes&quot;:&quot;&quot;},&quot;item_dropdown_content&quot;:&quot;yes&quot;,&quot;item_icon&quot;:{&quot;value&quot;:&quot;&quot;,&quot;library&quot;:&quot;&quot;},&quot;item_icon_active&quot;:null,&quot;element_id&quot;:&quot;&quot;},{&quot;_id&quot;:&quot;727fbc8&quot;,&quot;item_title&quot;:&quot;Doa\\u00e7\\u00f5es&quot;,&quot;item_link&quot;:{&quot;url&quot;:&quot;https:\\\/\\\/seminariodomlefebvre.com\\\/doacoes\\\/&quot;,&quot;is_external&quot;:&quot;&quot;,&quot;nofollow&quot;:&quot;&quot;,&quot;custom_attributes&quot;:&quot;&quot;},&quot;item_dropdown_content&quot;:&quot;no&quot;,&quot;item_icon&quot;:{&quot;value&quot;:&quot;&quot;,&quot;library&quot;:&quot;&quot;},&quot;item_icon_active&quot;:null,&quot;element_id&quot;:&quot;&quot;},{&quot;_id&quot;:&quot;4e2b186&quot;,&quot;item_title&quot;:&quot;Voca\\u00e7\\u00f5es&quot;,&quot;item_link&quot;:{&quot;url&quot;:&quot;https:\\\/\\\/seminariodomlefebvre.com\\\/vocacoes\\\/&quot;,&quot;is_external&quot;:&quot;&quot;,&quot;nofollow&quot;:&quot;&quot;,&quot;custom_attributes&quot;:&quot;&quot;},&quot;item_dropdown_content&quot;:&quot;no&quot;,&quot;item_icon&quot;:{&quot;value&quot;:&quot;&quot;,&quot;library&quot;:&quot;&quot;},&quot;item_icon_active&quot;:null,&quot;element_id&quot;:&quot;&quot;},{&quot;_id&quot;:&quot;5445483&quot;,&quot;item_title&quot;:&quot;Vida Cotidiana&quot;,&quot;item_link&quot;:{&quot;url&quot;:&quot;https:\\\/\\\/seminariodomlefebvre.com\\\/cotidiano&quot;,&quot;is_external&quot;:&quot;&quot;,&quot;nofollow&quot;:&quot;&quot;,&quot;custom_attributes&quot;:&quot;&quot;},&quot;item_dropdown_content&quot;:&quot;no&quot;,&quot;item_icon&quot;:{&quot;value&quot;:&quot;&quot;,&quot;library&quot;:&quot;&quot;},&quot;item_icon_active&quot;:null,&quot;element_id&quot;:&quot;&quot;},{&quot;_id&quot;:&quot;6f9ca9b&quot;,&quot;item_title&quot;:&quot;Contato&quot;,&quot;item_link&quot;:{&quot;url&quot;:&quot;https:\\\/\\\/seminariodomlefebvre.com\\\/contato\\\/&quot;,&quot;is_external&quot;:&quot;&quot;,&quot;nofollow&quot;:&quot;&quot;,&quot;custom_attributes&quot;:&quot;&quot;},&quot;item_dropdown_content&quot;:&quot;no&quot;,&quot;item_icon&quot;:{&quot;value&quot;:&quot;&quot;,&quot;library&quot;:&quot;&quot;},&quot;item_icon_active&quot;:null,&quot;element_id&quot;:&quot;&quot;}],&quot;item_position_horizontal_mobile&quot;:&quot;center&quot;,&quot;content_width&quot;:&quot;full_width&quot;,&quot;item_layout&quot;:&quot;horizontal&quot;,&quot;open_on&quot;:&quot;hover&quot;,&quot;horizontal_scroll&quot;:&quot;disable&quot;,&quot;breakpoint_selector&quot;:&quot;tablet&quot;,&quot;menu_item_title_distance_from_content&quot;:{&quot;unit&quot;:&quot;px&quot;,&quot;size&quot;:0,&quot;sizes&quot;:[]},&quot;menu_item_title_distance_from_content_tablet&quot;:{&quot;unit&quot;:&quot;px&quot;,&quot;size&quot;:&quot;&quot;,&quot;sizes&quot;:[]},&quot;menu_item_title_distance_from_content_mobile&quot;:{&quot;unit&quot;:&quot;px&quot;,&quot;size&quot;:&quot;&quot;,&quot;sizes&quot;:[]}}\" data-widget_type=\"mega-menu.default\">\n\t\t\t\t\t\t\t<nav class=\"e-n-menu\" data-widget-number=\"201\" aria-label=\"Menu\">\n\t\t\t\t\t<button class=\"e-n-menu-toggle\" id=\"menu-toggle-201\" aria-haspopup=\"true\" aria-expanded=\"false\" aria-controls=\"menubar-201\" aria-label=\"Alternar menu\">\n\t\t\t<span class=\"e-n-menu-toggle-icon e-open\">\n\t\t\t\t<svg class=\"e-font-icon-svg e-eicon-menu-bar\" viewBox=\"0 0 1000 1000\" xmlns=\"http:\/\/www.w3.org\/2000\/svg\"><path d=\"M104 333H896C929 333 958 304 958 271S929 208 896 208H104C71 208 42 237 42 271S71 333 104 333ZM104 583H896C929 583 958 554 958 521S929 458 896 458H104C71 458 42 487 42 521S71 583 104 583ZM104 833H896C929 833 958 804 958 771S929 708 896 708H104C71 708 42 737 42 771S71 833 104 833Z\"><\/path><\/svg>\t\t\t<\/span>\n\t\t\t<span class=\"e-n-menu-toggle-icon e-close\">\n\t\t\t\t<svg class=\"e-font-icon-svg e-eicon-close\" viewBox=\"0 0 1000 1000\" xmlns=\"http:\/\/www.w3.org\/2000\/svg\"><path d=\"M742 167L500 408 258 167C246 154 233 150 217 150 196 150 179 158 167 167 154 179 150 196 150 212 150 229 154 242 171 254L408 500 167 742C138 771 138 800 167 829 196 858 225 858 254 829L496 587 738 829C750 842 767 846 783 846 800 846 817 842 829 829 842 817 846 804 846 783 846 767 842 750 829 737L588 500 833 258C863 229 863 200 833 171 804 137 775 137 742 167Z\"><\/path><\/svg>\t\t\t<\/span>\n\t\t<\/button>\n\t\t\t\t\t<div class=\"e-n-menu-wrapper\" id=\"menubar-201\" aria-labelledby=\"menu-toggle-201\">\n\t\t\t\t<ul class=\"e-n-menu-heading\">\n\t\t\t\t\t\t\t\t<li class=\"e-n-menu-item\">\n\t\t\t\t<div id=\"e-n-menu-title-2011\" class=\"e-n-menu-title\">\n\t\t\t\t\t<a class=\"e-n-menu-title-container e-focus e-link\" href=\"https:\/\/seminariodomlefebvre.com\/\">\t\t\t\t\t\t\t\t\t\t\t\t<span class=\"e-n-menu-title-text\">\n\t\t\t\t\t\t\tIn\u00edcio\t\t\t\t\t\t<\/span>\n\t\t\t\t\t<\/a>\t\t\t\t\t\t\t\t\t<\/div>\n\t\t\t\t\t\t\t<\/li>\n\t\t\t\t\t<li class=\"e-n-menu-item\">\n\t\t\t\t<div id=\"e-n-menu-title-2012\" class=\"e-n-menu-title\">\n\t\t\t\t\t<a class=\"e-n-menu-title-container e-focus e-link\" href=\"https:\/\/seminariodomlefebvre.com\/seminario\/\">\t\t\t\t\t\t\t\t\t\t\t\t<span class=\"e-n-menu-title-text\">\n\t\t\t\t\t\t\tSemin\u00e1rio\t\t\t\t\t\t<\/span>\n\t\t\t\t\t<\/a>\t\t\t\t\t\t\t\t\t<\/div>\n\t\t\t\t\t\t\t<\/li>\n\t\t\t\t\t<li class=\"e-n-menu-item\">\n\t\t\t\t<div id=\"e-n-menu-title-2013\" class=\"e-n-menu-title\">\n\t\t\t\t\t<a class=\"e-n-menu-title-container e-focus e-link\" href=\"https:\/\/seminariodomlefebvre.com\/diretor\/\">\t\t\t\t\t\t\t\t\t\t\t\t<span class=\"e-n-menu-title-text\">\n\t\t\t\t\t\t\tPalavra do Diretor\t\t\t\t\t\t<\/span>\n\t\t\t\t\t<\/a>\t\t\t\t\t\t\t\t\t<\/div>\n\t\t\t\t\t\t\t<\/li>\n\t\t\t\t\t<li class=\"e-n-menu-item\">\n\t\t\t\t<div id=\"e-n-menu-title-2014\" class=\"e-n-menu-title\">\n\t\t\t\t\t<a class=\"e-n-menu-title-container e-focus e-link\" href=\"https:\/\/seminariodomlefebvre.com\/sociedade\/\">\t\t\t\t\t\t\t\t\t\t\t\t<span class=\"e-n-menu-title-text\">\n\t\t\t\t\t\t\tSAJM\t\t\t\t\t\t<\/span>\n\t\t\t\t\t<\/a>\t\t\t\t\t\t\t\t\t\t\t<button id=\"e-n-menu-dropdown-icon-2014\" class=\"e-n-menu-dropdown-icon e-focus\" data-tab-index=\"4\" aria-haspopup=\"true\" aria-expanded=\"false\" aria-controls=\"e-n-menu-content-2014\" >\n\t\t\t\t\t\t\t<span class=\"e-n-menu-dropdown-icon-opened\">\n\t\t\t\t\t\t\t\t<svg aria-hidden=\"true\" class=\"e-font-icon-svg e-fas-caret-up\" viewBox=\"0 0 320 512\" xmlns=\"http:\/\/www.w3.org\/2000\/svg\"><path d=\"M288.662 352H31.338c-17.818 0-26.741-21.543-14.142-34.142l128.662-128.662c7.81-7.81 20.474-7.81 28.284 0l128.662 128.662c12.6 12.599 3.676 34.142-14.142 34.142z\"><\/path><\/svg>\t\t\t\t\t\t\t\t<span class=\"elementor-screen-only\">Fechar SAJM<\/span>\n\t\t\t\t\t\t\t<\/span>\n\t\t\t\t\t\t\t<span class=\"e-n-menu-dropdown-icon-closed\">\n\t\t\t\t\t\t\t\t<svg aria-hidden=\"true\" class=\"e-font-icon-svg e-fas-caret-down\" viewBox=\"0 0 320 512\" xmlns=\"http:\/\/www.w3.org\/2000\/svg\"><path d=\"M31.3 192h257.3c17.8 0 26.7 21.5 14.1 34.1L174.1 354.8c-7.8 7.8-20.5 7.8-28.3 0L17.2 226.1C4.6 213.5 13.5 192 31.3 192z\"><\/path><\/svg>\t\t\t\t\t\t\t\t<span class=\"elementor-screen-only\">Abrir SAJM<\/span>\n\t\t\t\t\t\t\t<\/span>\n\t\t\t\t\t\t<\/button>\n\t\t\t\t\t\t\t\t\t<\/div>\n\t\t\t\t\t\t\t\t\t<div class=\"e-n-menu-content\">\n\t\t\t\t\t\t\t\t\t\t\t<\/div>\n\t\t\t\t\t\t\t<\/li>\n\t\t\t\t\t<li class=\"e-n-menu-item\">\n\t\t\t\t<div id=\"e-n-menu-title-2015\" class=\"e-n-menu-title\">\n\t\t\t\t\t<a class=\"e-n-menu-title-container e-focus e-link\" href=\"https:\/\/seminariodomlefebvre.com\/doacoes\/\">\t\t\t\t\t\t\t\t\t\t\t\t<span class=\"e-n-menu-title-text\">\n\t\t\t\t\t\t\tDoa\u00e7\u00f5es\t\t\t\t\t\t<\/span>\n\t\t\t\t\t<\/a>\t\t\t\t\t\t\t\t\t<\/div>\n\t\t\t\t\t\t\t<\/li>\n\t\t\t\t\t<li class=\"e-n-menu-item\">\n\t\t\t\t<div id=\"e-n-menu-title-2016\" class=\"e-n-menu-title\">\n\t\t\t\t\t<a class=\"e-n-menu-title-container e-focus e-link\" href=\"https:\/\/seminariodomlefebvre.com\/vocacoes\/\">\t\t\t\t\t\t\t\t\t\t\t\t<span class=\"e-n-menu-title-text\">\n\t\t\t\t\t\t\tVoca\u00e7\u00f5es\t\t\t\t\t\t<\/span>\n\t\t\t\t\t<\/a>\t\t\t\t\t\t\t\t\t<\/div>\n\t\t\t\t\t\t\t<\/li>\n\t\t\t\t\t<li class=\"e-n-menu-item\">\n\t\t\t\t<div id=\"e-n-menu-title-2017\" class=\"e-n-menu-title e-current\">\n\t\t\t\t\t<a class=\"e-n-menu-title-container e-focus e-link\" href=\"https:\/\/seminariodomlefebvre.com\/cotidiano\" aria-current=\"page\">\t\t\t\t\t\t\t\t\t\t\t\t<span class=\"e-n-menu-title-text\">\n\t\t\t\t\t\t\tVida Cotidiana\t\t\t\t\t\t<\/span>\n\t\t\t\t\t<\/a>\t\t\t\t\t\t\t\t\t<\/div>\n\t\t\t\t\t\t\t<\/li>\n\t\t\t\t\t<li class=\"e-n-menu-item\">\n\t\t\t\t<div id=\"e-n-menu-title-2018\" class=\"e-n-menu-title\">\n\t\t\t\t\t<a class=\"e-n-menu-title-container e-focus e-link\" href=\"https:\/\/seminariodomlefebvre.com\/contato\/\">\t\t\t\t\t\t\t\t\t\t\t\t<span class=\"e-n-menu-title-text\">\n\t\t\t\t\t\t\tContato\t\t\t\t\t\t<\/span>\n\t\t\t\t\t<\/a>\t\t\t\t\t\t\t\t\t<\/div>\n\t\t\t\t\t\t\t<\/li>\n\t\t\t\t\t\t<\/ul>\n\t\t\t<\/div>\n\t\t<\/nav>\n\t\t\t\t\t\t<\/div>\n\t\t\t\t<\/div>\n\t\t<div class=\"elementor-element elementor-element-90e9911 e-flex e-con-boxed e-con e-child\" data-id=\"90e9911\" data-element_type=\"container\" data-e-type=\"container\" data-settings=\"{&quot;_ha_eqh_enable&quot;:false}\">\n\t\t\t\t\t<div class=\"e-con-inner\">\n\t\t\t\t<div class=\"elementor-element elementor-element-50486f8 elementor-widget__width-auto elementor-widget elementor-widget-search\" data-id=\"50486f8\" data-element_type=\"widget\" data-e-type=\"widget\" data-settings=\"{&quot;submit_trigger&quot;:&quot;click_submit&quot;,&quot;pagination_type_options&quot;:&quot;none&quot;}\" data-widget_type=\"search.default\">\n\t\t\t\t\t\t\t<search class=\"e-search hidden\" role=\"search\">\n\t\t\t<form class=\"e-search-form\" action=\"https:\/\/seminariodomlefebvre.com\/en\" method=\"get\">\n\n\t\t\t\t\n\t\t\t\t<label class=\"e-search-label\" for=\"search-50486f8\">\n\t\t\t\t\t<span class=\"elementor-screen-only\">\n\t\t\t\t\t\tSearch\t\t\t\t\t<\/span>\n\t\t\t\t\t\t\t\t\t<\/label>\n\n\t\t\t\t<div class=\"e-search-input-wrapper\">\n\t\t\t\t\t<input id=\"search-50486f8\" placeholder=\"Pesquisar...\" class=\"e-search-input\" type=\"search\" name=\"s\" value=\"\" autocomplete=\"off\" role=\"combobox\" aria-autocomplete=\"list\" aria-expanded=\"false\" aria-controls=\"results-50486f8\" aria-haspopup=\"listbox\">\n\t\t\t\t\t<svg aria-hidden=\"true\" class=\"e-font-icon-svg e-fas-times\" viewBox=\"0 0 352 512\" xmlns=\"http:\/\/www.w3.org\/2000\/svg\"><path d=\"M242.72 256l100.07-100.07c12.28-12.28 12.28-32.19 0-44.48l-22.24-22.24c-12.28-12.28-32.19-12.28-44.48 0L176 189.28 75.93 89.21c-12.28-12.28-32.19-12.28-44.48 0L9.21 111.45c-12.28 12.28-12.28 32.19 0 44.48L109.28 256 9.21 356.07c-12.28 12.28-12.28 32.19 0 44.48l22.24 22.24c12.28 12.28 32.2 12.28 44.48 0L176 322.72l100.07 100.07c12.28 12.28 32.2 12.28 44.48 0l22.24-22.24c12.28-12.28 12.28-32.19 0-44.48L242.72 256z\"><\/path><\/svg>\t\t\t\t\t\t\t\t\t\t<output id=\"results-50486f8\" class=\"e-search-results-container hide-loader\" aria-live=\"polite\" aria-atomic=\"true\" aria-label=\"Results for search\" tabindex=\"0\">\n\t\t\t\t\t\t<div class=\"e-search-results\"><\/div>\n\t\t\t\t\t\t\t\t\t\t\t<\/output>\n\t\t\t\t\t\t\t\t\t<\/div>\n\t\t\t\t\n\t\t\t\t\n\t\t\t\t<button class=\"e-search-submit  \" type=\"submit\">\n\t\t\t\t\t<svg aria-hidden=\"true\" class=\"e-font-icon-svg e-fas-search\" viewBox=\"0 0 512 512\" xmlns=\"http:\/\/www.w3.org\/2000\/svg\"><path d=\"M505 442.7L405.3 343c-4.5-4.5-10.6-7-17-7H372c27.6-35.3 44-79.7 44-128C416 93.1 322.9 0 208 0S0 93.1 0 208s93.1 208 208 208c48.3 0 92.7-16.4 128-44v16.3c0 6.4 2.5 12.5 7 17l99.7 99.7c9.4 9.4 24.6 9.4 33.9 0l28.3-28.3c9.4-9.4 9.4-24.6.1-34zM208 336c-70.7 0-128-57.2-128-128 0-70.7 57.2-128 128-128 70.7 0 128 57.2 128 128 0 70.7-57.2 128-128 128z\"><\/path><\/svg>\n\t\t\t\t\t\t\t\t\t\t<span class=\"\">\n\t\t\t\t\t\tBuscar\t\t\t\t\t<\/span>\n\t\t\t\t\t\t\t\t\t<\/button>\n\t\t\t\t<input type=\"hidden\" name=\"e_search_props\" value=\"50486f8-2110\">\n\t\t\t<\/form>\n\t\t<\/search>\n\t\t\t\t\t\t<\/div>\n\t\t\t\t\t<\/div>\n\t\t\t\t<\/div>\n\t\t\t\t\t<\/div>\n\t\t\t\t<\/div>\n\t\t<div class=\"elementor-element elementor-element-a0c10ef e-flex e-con-boxed e-con e-parent\" data-id=\"a0c10ef\" data-element_type=\"container\" data-e-type=\"container\" data-settings=\"{&quot;_ha_eqh_enable&quot;:false}\">\n\t\t\t\t\t<div class=\"e-con-inner\">\n\t\t\t\t<div class=\"elementor-element elementor-element-56c82b1 elementor-widget elementor-widget-heading\" data-id=\"56c82b1\" data-element_type=\"widget\" data-e-type=\"widget\" data-widget_type=\"heading.default\">\n\t\t\t\t\t<h2 class=\"elementor-heading-title elementor-size-default\">\n\u201cO p\u00e3o nosso de cada dia \n <span class=\"background-destaque\"><span class=\"gradient-text-destaque\">nos d\u00e1 hoje.\u201d \n<\/span><\/span> <br>(S. Mateus 6, 11).<\/h2>\t\t\t\t<\/div>\n\t\t\t\t\t<\/div>\n\t\t\t\t<\/div>\n\t\t<div class=\"elementor-element elementor-element-d2ea23a e-flex e-con-boxed e-con e-parent\" data-id=\"d2ea23a\" data-element_type=\"container\" data-e-type=\"container\" data-settings=\"{&quot;_ha_eqh_enable&quot;:false}\">\n\t\t\t\t\t<div class=\"e-con-inner\">\n\t\t<div class=\"elementor-element elementor-element-9db544b e-con-full e-flex e-con e-child\" data-id=\"9db544b\" data-element_type=\"container\" data-e-type=\"container\" data-settings=\"{&quot;_ha_eqh_enable&quot;:false}\">\n\t\t\t\t<div class=\"elementor-element elementor-element-0dde2d7 elementor-widget elementor-widget-heading\" data-id=\"0dde2d7\" data-element_type=\"widget\" data-e-type=\"widget\" data-widget_type=\"heading.default\">\n\t\t\t\t\t<h2 class=\"elementor-heading-title elementor-size-default\">Vida Cotidiana<\/h2>\t\t\t\t<\/div>\n\t\t\t\t<\/div>\n\t\t<div class=\"elementor-element elementor-element-76768b2 e-con-full e-flex e-con e-child\" data-id=\"76768b2\" data-element_type=\"container\" data-e-type=\"container\" data-settings=\"{&quot;_ha_eqh_enable&quot;:false}\">\n\t\t\t\t<div class=\"elementor-element elementor-element-95dc452 elementor-widget elementor-widget-heading\" data-id=\"95dc452\" data-element_type=\"widget\" data-e-type=\"widget\" data-widget_type=\"heading.default\">\n\t\t\t\t\t<h2 class=\"elementor-heading-title elementor-size-default\">A Palavra do Celeireiro<\/h2>\t\t\t\t<\/div>\n\t\t\t\t<\/div>\n\t\t\t\t\t<\/div>\n\t\t\t\t<\/div>\n\t\t<div class=\"elementor-element elementor-element-e481df7 e-flex e-con-boxed e-con e-parent\" data-id=\"e481df7\" data-element_type=\"container\" data-e-type=\"container\" data-settings=\"{&quot;_ha_eqh_enable&quot;:false}\">\n\t\t\t\t\t<div class=\"e-con-inner\">\n\t\t<div class=\"elementor-element elementor-element-c4d858e e-con-full e-flex e-con e-child\" data-id=\"c4d858e\" data-element_type=\"container\" data-e-type=\"container\" data-settings=\"{&quot;_ha_eqh_enable&quot;:false}\">\n\t\t\t\t<div class=\"elementor-element elementor-element-4dba8a4 elementor-grid-3 elementor-grid-tablet-2 elementor-grid-mobile-1 elementor-posts--thumbnail-top elementor-widget elementor-widget-posts\" data-id=\"4dba8a4\" data-element_type=\"widget\" data-e-type=\"widget\" data-settings=\"{&quot;classic_columns&quot;:&quot;3&quot;,&quot;classic_columns_tablet&quot;:&quot;2&quot;,&quot;classic_columns_mobile&quot;:&quot;1&quot;,&quot;classic_row_gap&quot;:{&quot;unit&quot;:&quot;px&quot;,&quot;size&quot;:35,&quot;sizes&quot;:[]},&quot;classic_row_gap_tablet&quot;:{&quot;unit&quot;:&quot;px&quot;,&quot;size&quot;:&quot;&quot;,&quot;sizes&quot;:[]},&quot;classic_row_gap_mobile&quot;:{&quot;unit&quot;:&quot;px&quot;,&quot;size&quot;:&quot;&quot;,&quot;sizes&quot;:[]}}\" data-widget_type=\"posts.classic\">\n\t\t\t\t<div class=\"elementor-widget-container\">\n\t\t\t\t\t\t\t<div class=\"elementor-posts-container elementor-posts elementor-posts--skin-classic elementor-grid\" role=\"list\">\n\t\t\t\t<article class=\"elementor-post elementor-grid-item post-2296 post type-post status-publish format-standard has-post-thumbnail hentry category-cotidiano\" role=\"listitem\">\n\t\t\t\t<a class=\"elementor-post__thumbnail__link\" href=\"https:\/\/seminariodomlefebvre.com\/en\/2026\/04\/27\/vida-cotidiana-03\/\" tabindex=\"-1\" >\n\t\t\t<div class=\"elementor-post__thumbnail\"><img decoding=\"async\" width=\"1536\" height=\"2048\" src=\"https:\/\/seminariodomlefebvre.com\/wp-content\/uploads\/2026\/04\/WhatsApp-Image-2026-04-27-at-11.36.00-2.jpeg\" class=\"attachment-full size-full wp-image-2302\" alt=\"\" srcset=\"https:\/\/seminariodomlefebvre.com\/wp-content\/uploads\/2026\/04\/WhatsApp-Image-2026-04-27-at-11.36.00-2.jpeg 1536w, https:\/\/seminariodomlefebvre.com\/wp-content\/uploads\/2026\/04\/WhatsApp-Image-2026-04-27-at-11.36.00-2-225x300.jpeg 225w, https:\/\/seminariodomlefebvre.com\/wp-content\/uploads\/2026\/04\/WhatsApp-Image-2026-04-27-at-11.36.00-2-768x1024.jpeg 768w, https:\/\/seminariodomlefebvre.com\/wp-content\/uploads\/2026\/04\/WhatsApp-Image-2026-04-27-at-11.36.00-2-1152x1536.jpeg 1152w, https:\/\/seminariodomlefebvre.com\/wp-content\/uploads\/2026\/04\/WhatsApp-Image-2026-04-27-at-11.36.00-2-9x12.jpeg 9w, https:\/\/seminariodomlefebvre.com\/wp-content\/uploads\/2026\/04\/WhatsApp-Image-2026-04-27-at-11.36.00-2-450x600.jpeg 450w\" sizes=\"(max-width: 1536px) 100vw, 1536px\" \/><\/div>\n\t\t<\/a>\n\t\t\t\t<div class=\"elementor-post__text\">\n\t\t\t\t<h3 class=\"elementor-post__title\">\n\t\t\t<a href=\"https:\/\/seminariodomlefebvre.com\/en\/2026\/04\/27\/vida-cotidiana-03\/\" >\n\t\t\t\tVida Cotidiana \u2013 #03\t\t\t<\/a>\n\t\t<\/h3>\n\t\t\t\t<div class=\"elementor-post__meta-data\">\n\t\t\t\t\t<span class=\"elementor-post-date\">\n\t\t\tApril 27, 2026\t\t<\/span>\n\t\t\t\t<\/div>\n\t\t\t\t<div class=\"elementor-post__excerpt\">\n\t\t\t<p>Visita ao col\u00e9gio Anchieta de Nova Friburgo.<\/p>\n\t\t<\/div>\n\t\t\n\t\t<a class=\"elementor-post__read-more\" href=\"https:\/\/seminariodomlefebvre.com\/en\/2026\/04\/27\/vida-cotidiana-03\/\" aria-label=\"Read more about Vida Cotidiana \u2013 #03\" tabindex=\"-1\" >\n\t\t\tSaiba mais...\t\t<\/a>\n\n\t\t\t\t<\/div>\n\t\t\t\t<\/article>\n\t\t\t\t<article class=\"elementor-post elementor-grid-item post-2259 post type-post status-publish format-standard has-post-thumbnail hentry category-cotidiano\" role=\"listitem\">\n\t\t\t\t<a class=\"elementor-post__thumbnail__link\" href=\"https:\/\/seminariodomlefebvre.com\/en\/2026\/04\/10\/vida-cotidiana-02\/\" tabindex=\"-1\" >\n\t\t\t<div class=\"elementor-post__thumbnail\"><img decoding=\"async\" width=\"899\" height=\"1599\" src=\"https:\/\/seminariodomlefebvre.com\/wp-content\/uploads\/2026\/04\/WhatsApp-Image-2026-04-10-at-19.52.07.jpeg\" class=\"attachment-full size-full wp-image-2260\" alt=\"\" srcset=\"https:\/\/seminariodomlefebvre.com\/wp-content\/uploads\/2026\/04\/WhatsApp-Image-2026-04-10-at-19.52.07.jpeg 899w, https:\/\/seminariodomlefebvre.com\/wp-content\/uploads\/2026\/04\/WhatsApp-Image-2026-04-10-at-19.52.07-169x300.jpeg 169w, https:\/\/seminariodomlefebvre.com\/wp-content\/uploads\/2026\/04\/WhatsApp-Image-2026-04-10-at-19.52.07-576x1024.jpeg 576w, https:\/\/seminariodomlefebvre.com\/wp-content\/uploads\/2026\/04\/WhatsApp-Image-2026-04-10-at-19.52.07-768x1366.jpeg 768w, https:\/\/seminariodomlefebvre.com\/wp-content\/uploads\/2026\/04\/WhatsApp-Image-2026-04-10-at-19.52.07-864x1536.jpeg 864w, https:\/\/seminariodomlefebvre.com\/wp-content\/uploads\/2026\/04\/WhatsApp-Image-2026-04-10-at-19.52.07-7x12.jpeg 7w, https:\/\/seminariodomlefebvre.com\/wp-content\/uploads\/2026\/04\/WhatsApp-Image-2026-04-10-at-19.52.07-337x600.jpeg 337w\" sizes=\"(max-width: 899px) 100vw, 899px\" \/><\/div>\n\t\t<\/a>\n\t\t\t\t<div class=\"elementor-post__text\">\n\t\t\t\t<h3 class=\"elementor-post__title\">\n\t\t\t<a href=\"https:\/\/seminariodomlefebvre.com\/en\/2026\/04\/10\/vida-cotidiana-02\/\" >\n\t\t\t\tVida Cotidiana \u2013 #02\t\t\t<\/a>\n\t\t<\/h3>\n\t\t\t\t<div class=\"elementor-post__meta-data\">\n\t\t\t\t\t<span class=\"elementor-post-date\">\n\t\t\tApril 10, 2026\t\t<\/span>\n\t\t\t\t<\/div>\n\t\t\t\t<div class=\"elementor-post__excerpt\">\n\t\t\t<p>Primum vivere, deinde philosophari &#8211; Compreenda que podes.<\/p>\n\t\t<\/div>\n\t\t\n\t\t<a class=\"elementor-post__read-more\" href=\"https:\/\/seminariodomlefebvre.com\/en\/2026\/04\/10\/vida-cotidiana-02\/\" aria-label=\"Read more about Vida Cotidiana \u2013 #02\" tabindex=\"-1\" >\n\t\t\tSaiba mais...\t\t<\/a>\n\n\t\t\t\t<\/div>\n\t\t\t\t<\/article>\n\t\t\t\t<article class=\"elementor-post elementor-grid-item post-2127 post type-post status-publish format-standard has-post-thumbnail hentry category-cotidiano\" role=\"listitem\">\n\t\t\t\t<a class=\"elementor-post__thumbnail__link\" href=\"https:\/\/seminariodomlefebvre.com\/en\/2026\/03\/27\/vida-cotidiana-01\/\" tabindex=\"-1\" >\n\t\t\t<div class=\"elementor-post__thumbnail\"><img loading=\"lazy\" decoding=\"async\" width=\"1280\" height=\"960\" src=\"https:\/\/seminariodomlefebvre.com\/wp-content\/uploads\/2026\/03\/2026-03-27-18.05.47.jpg\" class=\"attachment-full size-full wp-image-2140\" alt=\"\" srcset=\"https:\/\/seminariodomlefebvre.com\/wp-content\/uploads\/2026\/03\/2026-03-27-18.05.47.jpg 1280w, https:\/\/seminariodomlefebvre.com\/wp-content\/uploads\/2026\/03\/2026-03-27-18.05.47-300x225.jpg 300w, https:\/\/seminariodomlefebvre.com\/wp-content\/uploads\/2026\/03\/2026-03-27-18.05.47-1024x768.jpg 1024w, https:\/\/seminariodomlefebvre.com\/wp-content\/uploads\/2026\/03\/2026-03-27-18.05.47-768x576.jpg 768w, https:\/\/seminariodomlefebvre.com\/wp-content\/uploads\/2026\/03\/2026-03-27-18.05.47-16x12.jpg 16w, https:\/\/seminariodomlefebvre.com\/wp-content\/uploads\/2026\/03\/2026-03-27-18.05.47-600x450.jpg 600w\" sizes=\"(max-width: 1280px) 100vw, 1280px\" \/><\/div>\n\t\t<\/a>\n\t\t\t\t<div class=\"elementor-post__text\">\n\t\t\t\t<h3 class=\"elementor-post__title\">\n\t\t\t<a href=\"https:\/\/seminariodomlefebvre.com\/en\/2026\/03\/27\/vida-cotidiana-01\/\" >\n\t\t\t\tVida Cotidiana &#8211; #01\t\t\t<\/a>\n\t\t<\/h3>\n\t\t\t\t<div class=\"elementor-post__meta-data\">\n\t\t\t\t\t<span class=\"elementor-post-date\">\n\t\t\tMarch 27, 2026\t\t<\/span>\n\t\t\t\t<\/div>\n\t\t\t\t<div class=\"elementor-post__excerpt\">\n\t\t\t<p>Missa da Anuncia\u00e7\u00e3o de Nossa Senhora. A Consagra\u00e7\u00e3o: O centro da nossa vida. Schola Cantorum. Entroniza\u00e7\u00e3o do Sagrado Cora\u00e7\u00e3o de Jesus no Semin\u00e1rio. Ora\u00e7\u00e3o antes<\/p>\n\t\t<\/div>\n\t\t\n\t\t<a class=\"elementor-post__read-more\" href=\"https:\/\/seminariodomlefebvre.com\/en\/2026\/03\/27\/vida-cotidiana-01\/\" aria-label=\"Read more about Vida Cotidiana &#8211; #01\" tabindex=\"-1\" >\n\t\t\tSaiba mais...\t\t<\/a>\n\n\t\t\t\t<\/div>\n\t\t\t\t<\/article>\n\t\t\t\t<\/div>\n\t\t\n\t\t\t\t\t\t<\/div>\n\t\t\t\t<\/div>\n\t\t\t\t<\/div>\n\t\t<div class=\"elementor-element elementor-element-72a59b1 e-con-full e-flex e-con e-child\" data-id=\"72a59b1\" data-element_type=\"container\" data-e-type=\"container\" data-settings=\"{&quot;_ha_eqh_enable&quot;:false}\">\n\t\t\t\t<div class=\"elementor-element elementor-element-213ddb5 elementor-grid-3 elementor-grid-tablet-2 elementor-grid-mobile-1 elementor-posts--thumbnail-top elementor-widget elementor-widget-posts\" data-id=\"213ddb5\" data-element_type=\"widget\" data-e-type=\"widget\" data-settings=\"{&quot;classic_columns&quot;:&quot;3&quot;,&quot;classic_columns_tablet&quot;:&quot;2&quot;,&quot;classic_columns_mobile&quot;:&quot;1&quot;,&quot;classic_row_gap&quot;:{&quot;unit&quot;:&quot;px&quot;,&quot;size&quot;:35,&quot;sizes&quot;:[]},&quot;classic_row_gap_tablet&quot;:{&quot;unit&quot;:&quot;px&quot;,&quot;size&quot;:&quot;&quot;,&quot;sizes&quot;:[]},&quot;classic_row_gap_mobile&quot;:{&quot;unit&quot;:&quot;px&quot;,&quot;size&quot;:&quot;&quot;,&quot;sizes&quot;:[]}}\" data-widget_type=\"posts.classic\">\n\t\t\t\t<div class=\"elementor-widget-container\">\n\t\t\t\t\t\t\t<div class=\"elementor-posts-container elementor-posts elementor-posts--skin-classic elementor-grid\" role=\"list\">\n\t\t\t\t<article class=\"elementor-post elementor-grid-item post-2209 post type-post status-publish format-standard has-post-thumbnail hentry category-celeireiro\" role=\"listitem\">\n\t\t\t\t<a class=\"elementor-post__thumbnail__link\" href=\"https:\/\/seminariodomlefebvre.com\/en\/2026\/03\/30\/a-palavra-do-celeireiro-01\/\" tabindex=\"-1\" >\n\t\t\t<div class=\"elementor-post__thumbnail\"><img loading=\"lazy\" decoding=\"async\" width=\"1536\" height=\"1024\" src=\"https:\/\/seminariodomlefebvre.com\/wp-content\/uploads\/2026\/03\/celeireiro-01.png\" class=\"attachment-full size-full wp-image-2213\" alt=\"\" srcset=\"https:\/\/seminariodomlefebvre.com\/wp-content\/uploads\/2026\/03\/celeireiro-01.png 1536w, https:\/\/seminariodomlefebvre.com\/wp-content\/uploads\/2026\/03\/celeireiro-01-300x200.png 300w, https:\/\/seminariodomlefebvre.com\/wp-content\/uploads\/2026\/03\/celeireiro-01-1024x683.png 1024w, https:\/\/seminariodomlefebvre.com\/wp-content\/uploads\/2026\/03\/celeireiro-01-768x512.png 768w, https:\/\/seminariodomlefebvre.com\/wp-content\/uploads\/2026\/03\/celeireiro-01-18x12.png 18w, https:\/\/seminariodomlefebvre.com\/wp-content\/uploads\/2026\/03\/celeireiro-01-600x400.png 600w\" sizes=\"(max-width: 1536px) 100vw, 1536px\" \/><\/div>\n\t\t<\/a>\n\t\t\t\t<div class=\"elementor-post__text\">\n\t\t\t\t<h3 class=\"elementor-post__title\">\n\t\t\t<a href=\"https:\/\/seminariodomlefebvre.com\/en\/2026\/03\/30\/a-palavra-do-celeireiro-01\/\" >\n\t\t\t\tA Palavra do Celeireiro &#8211; #01\t\t\t<\/a>\n\t\t<\/h3>\n\t\t\t\t<div class=\"elementor-post__meta-data\">\n\t\t\t\t\t<span class=\"elementor-post-date\">\n\t\t\tMarch 30, 2026\t\t<\/span>\n\t\t\t\t<\/div>\n\t\t\t\t<div class=\"elementor-post__excerpt\">\n\t\t\t<p>Caros amigos e benfeitores, O pr\u00f3prio Senhor nos ensinou a rezar esta ora\u00e7\u00e3o. \u00c9 uma ora\u00e7\u00e3o que assume toda a sua realidade no semin\u00e1rio, pois<\/p>\n\t\t<\/div>\n\t\t\n\t\t<a class=\"elementor-post__read-more\" href=\"https:\/\/seminariodomlefebvre.com\/en\/2026\/03\/30\/a-palavra-do-celeireiro-01\/\" aria-label=\"Read more about A Palavra do Celeireiro &#8211; #01\" tabindex=\"-1\" >\n\t\t\tSaiba mais...\t\t<\/a>\n\n\t\t\t\t<\/div>\n\t\t\t\t<\/article>\n\t\t\t\t<\/div>\n\t\t\n\t\t\t\t\t\t<\/div>\n\t\t\t\t<\/div>\n\t\t\t\t<\/div>\n\t\t\t\t\t<\/div>\n\t\t\t\t<\/div>\n\t\t<div class=\"elementor-element elementor-element-f5d6dc8 e-flex e-con-boxed e-con e-parent\" data-id=\"f5d6dc8\" data-element_type=\"container\" data-e-type=\"container\" data-settings=\"{&quot;_ha_eqh_enable&quot;:false}\">\n\t\t\t\t\t<div class=\"e-con-inner\">\n\t\t<div class=\"elementor-element elementor-element-fc71d13 e-con-full e-flex e-con e-child\" data-id=\"fc71d13\" data-element_type=\"container\" data-e-type=\"container\" data-settings=\"{&quot;_ha_eqh_enable&quot;:false}\">\n\t\t\t\t<div class=\"elementor-element elementor-element-24601ec elementor-widget-divider--view-line elementor-widget elementor-widget-divider\" data-id=\"24601ec\" data-element_type=\"widget\" data-e-type=\"widget\" data-widget_type=\"divider.default\">\n\t\t\t\t\t\t\t<div class=\"elementor-divider\">\n\t\t\t<span class=\"elementor-divider-separator\">\n\t\t\t\t\t\t<\/span>\n\t\t<\/div>\n\t\t\t\t\t\t<\/div>\n\t\t\t\t<div class=\"elementor-element elementor-element-20a91b9 elementor-widget elementor-widget-heading\" data-id=\"20a91b9\" data-element_type=\"widget\" data-e-type=\"widget\" data-widget_type=\"heading.default\">\n\t\t\t\t\t<h2 class=\"elementor-heading-title elementor-size-default\">A se\u00e7\u00e3o<span class=\"destaque-vinho\"><i>\n<strong> Vida Cotidiana <\/span><\/strong><\/i> apresenta aspectos da rotina do Semin\u00e1rio Dom Marcel Lefebvre, reunindo informa\u00e7\u00f5es sobre os estudos, as atividades formativas, o esporte, os momentos de recrea\u00e7\u00e3o e demais elementos pr\u00f3prios da vida comum dos seminaristas. O objetivo \u00e9 oferecer uma vis\u00e3o concreta e cont\u00ednua do dia a dia no semin\u00e1rio.\n\nInclui-se tamb\u00e9m, ocasionalmente, a palavra do celereireiro, com comunica\u00e7\u00f5es simples sobre as necessidades materiais do semin\u00e1rio, dirigidas aos fi\u00e9is, amigos e benfeitores que acompanham e apoiam sua miss\u00e3o.\n\n<br><br><span class=\"destaque-vinho\">\n<strong><i>Estes conte\u00fados ser\u00e3o publicados regularmente \u2014 quando poss\u00edvel a cada semana, ou em intervalos peri\u00f3dicos \u2014 com a finalidade de manter os fi\u00e9is informados sobre a vida ordin\u00e1ria do semin\u00e1rio.<\/i><\/strong>\n<\/span>\n\nPor meio desta se\u00e7\u00e3o, todos poder\u00e3o acompanhar de modo direto e objetivo o cotidiano e o desenvolvimento da vida no Semin\u00e1rio Dom Marcel Lefebvre.<\/h2>\t\t\t\t<\/div>\n\t\t\t\t<\/div>\n\t\t<div class=\"elementor-element elementor-element-f81a39e e-con-full e-flex e-con e-child\" data-id=\"f81a39e\" data-element_type=\"container\" data-e-type=\"container\" data-settings=\"{&quot;_ha_eqh_enable&quot;:false}\">\n\t\t\t\t<div class=\"elementor-element elementor-element-b32dbe4 elementor-widget elementor-widget-heading\" data-id=\"b32dbe4\" data-element_type=\"widget\" data-e-type=\"widget\" data-widget_type=\"heading.default\">\n\t\t\t\t\t<h2 class=\"elementor-heading-title elementor-size-default\">Um pouco do\n<br>\nnosso dia-a-dia<\/h2>\t\t\t\t<\/div>\n\t\t\t\t<div class=\"elementor-element elementor-element-aac2b5c elementor-widget elementor-widget-image\" data-id=\"aac2b5c\" data-element_type=\"widget\" data-e-type=\"widget\" data-widget_type=\"image.default\">\n\t\t\t\t\t\t\t\t\t\t\t\t\t\t\t<img loading=\"lazy\" decoding=\"async\" width=\"800\" height=\"450\" src=\"https:\/\/seminariodomlefebvre.com\/wp-content\/uploads\/2026\/03\/0567744a-d7a9-4143-8c49-12c34ad6ab3b-1024x576.png\" class=\"attachment-large size-large wp-image-2118\" alt=\"\" srcset=\"https:\/\/seminariodomlefebvre.com\/wp-content\/uploads\/2026\/03\/0567744a-d7a9-4143-8c49-12c34ad6ab3b-1024x576.png 1024w, https:\/\/seminariodomlefebvre.com\/wp-content\/uploads\/2026\/03\/0567744a-d7a9-4143-8c49-12c34ad6ab3b-300x169.png 300w, https:\/\/seminariodomlefebvre.com\/wp-content\/uploads\/2026\/03\/0567744a-d7a9-4143-8c49-12c34ad6ab3b-768x432.png 768w, https:\/\/seminariodomlefebvre.com\/wp-content\/uploads\/2026\/03\/0567744a-d7a9-4143-8c49-12c34ad6ab3b-1536x864.png 1536w, https:\/\/seminariodomlefebvre.com\/wp-content\/uploads\/2026\/03\/0567744a-d7a9-4143-8c49-12c34ad6ab3b-18x10.png 18w, https:\/\/seminariodomlefebvre.com\/wp-content\/uploads\/2026\/03\/0567744a-d7a9-4143-8c49-12c34ad6ab3b-600x338.png 600w, https:\/\/seminariodomlefebvre.com\/wp-content\/uploads\/2026\/03\/0567744a-d7a9-4143-8c49-12c34ad6ab3b.png 1671w\" sizes=\"(max-width: 800px) 100vw, 800px\" \/>\t\t\t\t\t\t\t\t\t\t\t\t\t\t\t<\/div>\n\t\t\t\t<div class=\"elementor-element elementor-element-a1ae78c elementor-widget elementor-widget-image\" data-id=\"a1ae78c\" data-element_type=\"widget\" data-e-type=\"widget\" data-widget_type=\"image.default\">\n\t\t\t\t\t\t\t\t\t\t\t\t\t\t\t<img loading=\"lazy\" decoding=\"async\" width=\"800\" height=\"534\" src=\"https:\/\/seminariodomlefebvre.com\/wp-content\/uploads\/2026\/03\/st-tomas-1024x683.png\" class=\"attachment-large size-large wp-image-2120\" alt=\"\" srcset=\"https:\/\/seminariodomlefebvre.com\/wp-content\/uploads\/2026\/03\/st-tomas-1024x683.png 1024w, https:\/\/seminariodomlefebvre.com\/wp-content\/uploads\/2026\/03\/st-tomas-300x200.png 300w, https:\/\/seminariodomlefebvre.com\/wp-content\/uploads\/2026\/03\/st-tomas-768x512.png 768w, https:\/\/seminariodomlefebvre.com\/wp-content\/uploads\/2026\/03\/st-tomas-18x12.png 18w, https:\/\/seminariodomlefebvre.com\/wp-content\/uploads\/2026\/03\/st-tomas-600x400.png 600w, https:\/\/seminariodomlefebvre.com\/wp-content\/uploads\/2026\/03\/st-tomas.png 1536w\" sizes=\"(max-width: 800px) 100vw, 800px\" \/>\t\t\t\t\t\t\t\t\t\t\t\t\t\t\t<\/div>\n\t\t\t\t<\/div>\n\t\t\t\t\t<\/div>\n\t\t\t\t<\/div>\n\t\t<div class=\"elementor-element elementor-element-5a8d2fd6 e-flex e-con-boxed e-con e-parent\" data-id=\"5a8d2fd6\" data-element_type=\"container\" data-e-type=\"container\" data-settings=\"{&quot;_ha_eqh_enable&quot;:false}\">\n\t\t\t\t\t<div class=\"e-con-inner\">\n\t\t\t\t<div class=\"elementor-element elementor-element-8f24f91 elementor-widget elementor-widget-html\" data-id=\"8f24f91\" data-element_type=\"widget\" data-e-type=\"widget\" data-widget_type=\"html.default\">\n\t\t\t\t\t<script>\nvar url = 'https:\/\/cdn.waplus.io\/waplus-crm\/settings\/ossembed.js';\nvar s = document.createElement('script');\ns.type = 'text\/javascript';\ns.async = true;\ns.src = url;\nvar options = {\n\"enabled\": true,\n\"chatButtonSetting\": {\n\"backgroundColor\": \"#b30000\",\n\"ctaText\": \"Entre em contato!\",\n\"borderRadius\": \"8\",\n\"marginLeft\": \"20\",\n\"marginBottom\": \"20\",\n\"marginRight\": \"20\",\n\"position\": \"right\",\n\"textColor\": \"#ffffff\",\n\"phoneNumber\": \"5522988008952\",\n\"messageText\": \"Salve Maria! Tenho interesse no Semin\u00e1rio. Como fa\u00e7o para discernir minha voca\u00e7\u00e3o?\",\n\"trackClick\": true\n}\n}\ns.onload = function() {\nCreateWhatsappBtn(options);\n};\nvar x = document.getElementsByTagName('script')[0];\nx.parentNode.insertBefore(s, x);\n<\/script>\t\t\t\t<\/div>\n\t\t\t\t\t<\/div>\n\t\t\t\t<\/div>\n\t\t<div class=\"elementor-element elementor-element-c556ff1 e-flex e-con-boxed e-con e-parent\" data-id=\"c556ff1\" data-element_type=\"container\" data-e-type=\"container\" data-settings=\"{&quot;_ha_eqh_enable&quot;:false}\">\n\t\t\t\t\t<div class=\"e-con-inner\">\n\t\t\t\t<div class=\"elementor-element elementor-element-e337c68 elementor-widget elementor-widget-testimonial\" data-id=\"e337c68\" data-element_type=\"widget\" data-e-type=\"widget\" data-widget_type=\"testimonial.default\">\n\t\t\t\t\t\t\t<div class=\"elementor-testimonial-wrapper\">\n\t\t\t\t\t\t\t<div class=\"elementor-testimonial-content\">\u201cTradidi quod et accepi - Transmiti aquilo que recebi.\u201d<\/div>\n\t\t\t\n\t\t\t\t\t\t<div class=\"elementor-testimonial-meta elementor-has-image elementor-testimonial-image-position-aside\">\n\t\t\t\t<div class=\"elementor-testimonial-meta-inner\">\n\t\t\t\t\t\t\t\t\t\t\t<div class=\"elementor-testimonial-image\">\n\t\t\t\t\t\t\t<img loading=\"lazy\" decoding=\"async\" width=\"1140\" height=\"1540\" src=\"https:\/\/seminariodomlefebvre.com\/wp-content\/uploads\/2026\/01\/dom-lefebvre.jpg\" class=\"attachment-full size-full wp-image-52\" alt=\"\" srcset=\"https:\/\/seminariodomlefebvre.com\/wp-content\/uploads\/2026\/01\/dom-lefebvre.jpg 1140w, https:\/\/seminariodomlefebvre.com\/wp-content\/uploads\/2026\/01\/dom-lefebvre-222x300.jpg 222w, https:\/\/seminariodomlefebvre.com\/wp-content\/uploads\/2026\/01\/dom-lefebvre-758x1024.jpg 758w, https:\/\/seminariodomlefebvre.com\/wp-content\/uploads\/2026\/01\/dom-lefebvre-768x1037.jpg 768w, https:\/\/seminariodomlefebvre.com\/wp-content\/uploads\/2026\/01\/dom-lefebvre-1137x1536.jpg 1137w, https:\/\/seminariodomlefebvre.com\/wp-content\/uploads\/2026\/01\/dom-lefebvre-444x600.jpg 444w\" sizes=\"(max-width: 1140px) 100vw, 1140px\" \/>\t\t\t\t\t\t<\/div>\n\t\t\t\t\t\n\t\t\t\t\t\t\t\t\t\t<div class=\"elementor-testimonial-details\">\n\t\t\t\t\t\t\t\t\t\t\t\t\t\t<div class=\"elementor-testimonial-name\">Dom Marcel Lefebvre<\/div>\n\t\t\t\t\t\t\t\t\t\t\t\t\t\t\t\t\t\t\t\t\t\t<div class=\"elementor-testimonial-job\">Arcebispo<\/div>\n\t\t\t\t\t\t\t\t\t\t\t\t\t<\/div>\n\t\t\t\t\t\t\t\t\t<\/div>\n\t\t\t<\/div>\n\t\t\t\t\t<\/div>\n\t\t\t\t\t\t<\/div>\n\t\t\t\t\t<\/div>\n\t\t\t\t<\/div>\n\t\t<div class=\"elementor-element elementor-element-5e9e21cd e-flex e-con-boxed e-con e-parent\" data-id=\"5e9e21cd\" data-element_type=\"container\" data-e-type=\"container\" data-settings=\"{&quot;_ha_eqh_enable&quot;:false}\">\n\t\t\t\t\t<div class=\"e-con-inner\">\n\t\t\t\t<div class=\"elementor-element elementor-element-37958028 elementor-widget elementor-widget-heading\" data-id=\"37958028\" data-element_type=\"widget\" data-e-type=\"widget\" data-widget_type=\"heading.default\">\n\t\t\t\t\t<h2 class=\"elementor-heading-title elementor-size-default\">Site realizado por Imperium<\/h2>\t\t\t\t<\/div>\n\t\t\t\t\t<\/div>\n\t\t\t\t<\/div>\n\t\t<div class=\"elementor-element elementor-element-c1f4adb e-flex e-con-boxed e-con e-parent\" data-id=\"c1f4adb\" data-element_type=\"container\" data-e-type=\"container\" data-settings=\"{&quot;background_background&quot;:&quot;classic&quot;,&quot;_ha_eqh_enable&quot;:false}\">\n\t\t\t\t\t<div class=\"e-con-inner\">\n\t\t<div class=\"elementor-element elementor-element-64c0215 e-grid e-con-full e-con e-child\" data-id=\"64c0215\" data-element_type=\"container\" data-e-type=\"container\" data-settings=\"{&quot;_ha_eqh_enable&quot;:false}\">\n\t\t\t\t<div class=\"elementor-element elementor-element-1f47cff elementor-widget elementor-widget-text-editor\" data-id=\"1f47cff\" data-element_type=\"widget\" data-e-type=\"widget\" data-widget_type=\"text-editor.default\">\n\t\t\t\t\t\t\t\t\t<p data-start=\"0\" data-end=\"11\"><strong data-start=\"0\" data-end=\"11\">Contato<\/strong><\/p><p data-start=\"13\" data-end=\"75\"><span class=\"LrzXr\">Semin\u00e1rio, Estr. Alcino da Cunha Ferraz km 1 s\/n, Janela das Andorinhas &#8211; Riograndina, Nova Friburgo &#8211; RJ, 28634-438<\/span><\/p><p data-start=\"13\" data-end=\"75\"><strong data-start=\"115\" data-end=\"125\">Manh\u00e3:<\/strong> das 9h \u00e0s 11h (Contato)<br data-start=\"139\" data-end=\"142\" data-is-only-node=\"\" \/><strong data-start=\"142\" data-end=\"152\">Tarde:<\/strong> das 15h \u00e0s 17h (Visitas)<\/p><p data-start=\"77\" data-end=\"169\"><strong>Contato e WhatsApp<\/strong>:\u00a0<\/p><p data-start=\"77\" data-end=\"169\">+55 22 98800-8952<\/p><p data-start=\"171\" data-end=\"209\" data-is-last-node=\"\" data-is-only-node=\"\"><strong data-start=\"171\" data-end=\"182\">E-mail:<\/strong> seminariodomlefebvre@gmail.com<\/p><p data-start=\"171\" data-end=\"209\" data-is-last-node=\"\" data-is-only-node=\"\"><strong>CNPJ:<\/strong><\/p><p data-start=\"171\" data-end=\"209\" data-is-last-node=\"\" data-is-only-node=\"\">30.171.417\/0001-88<\/p>\t\t\t\t\t\t\t\t<\/div>\n\t\t<div class=\"elementor-element elementor-element-3e0b6f6 e-con-full e-flex e-con e-child\" data-id=\"3e0b6f6\" data-element_type=\"container\" data-e-type=\"container\" data-settings=\"{&quot;_ha_eqh_enable&quot;:false}\">\n\t\t\t\t<\/div>\n\t\t<div class=\"elementor-element elementor-element-c9b5807 e-grid e-con-full e-con e-child\" data-id=\"c9b5807\" data-element_type=\"container\" data-e-type=\"container\" data-settings=\"{&quot;_ha_eqh_enable&quot;:false}\">\n\t\t<div class=\"elementor-element elementor-element-7cb9723 e-con-full e-flex e-con e-child\" data-id=\"7cb9723\" data-element_type=\"container\" data-e-type=\"container\" data-settings=\"{&quot;_ha_eqh_enable&quot;:false}\">\n\t\t\t\t<\/div>\n\t\t<div class=\"elementor-element elementor-element-1faac58 e-con-full e-flex e-con e-child\" data-id=\"1faac58\" data-element_type=\"container\" data-e-type=\"container\" data-settings=\"{&quot;_ha_eqh_enable&quot;:false}\">\n\t\t\t\t<\/div>\n\t\t<div class=\"elementor-element elementor-element-87a8de7 e-con-full e-flex e-con e-child\" data-id=\"87a8de7\" data-element_type=\"container\" data-e-type=\"container\" data-settings=\"{&quot;_ha_eqh_enable&quot;:false}\">\n\t\t\t\t<\/div>\n\t\t\t\t<div class=\"elementor-element elementor-element-8739b77 elementor-widget elementor-widget-image\" data-id=\"8739b77\" data-element_type=\"widget\" data-e-type=\"widget\" data-widget_type=\"image.default\">\n\t\t\t\t\t\t\t\t\t\t\t\t\t\t\t<img loading=\"lazy\" decoding=\"async\" width=\"800\" height=\"800\" src=\"https:\/\/seminariodomlefebvre.com\/wp-content\/uploads\/2026\/01\/ChatGPT-Image-27-de-jan.-de-2026-12_36_35.png\" class=\"attachment-large size-large wp-image-177\" alt=\"\" srcset=\"https:\/\/seminariodomlefebvre.com\/wp-content\/uploads\/2026\/01\/ChatGPT-Image-27-de-jan.-de-2026-12_36_35.png 1024w, https:\/\/seminariodomlefebvre.com\/wp-content\/uploads\/2026\/01\/ChatGPT-Image-27-de-jan.-de-2026-12_36_35-300x300.png 300w, https:\/\/seminariodomlefebvre.com\/wp-content\/uploads\/2026\/01\/ChatGPT-Image-27-de-jan.-de-2026-12_36_35-150x150.png 150w, https:\/\/seminariodomlefebvre.com\/wp-content\/uploads\/2026\/01\/ChatGPT-Image-27-de-jan.-de-2026-12_36_35-768x768.png 768w, https:\/\/seminariodomlefebvre.com\/wp-content\/uploads\/2026\/01\/ChatGPT-Image-27-de-jan.-de-2026-12_36_35-600x600.png 600w\" sizes=\"(max-width: 800px) 100vw, 800px\" \/>\t\t\t\t\t\t\t\t\t\t\t\t\t\t\t<\/div>\n\t\t\t\t<\/div>\n\t\t\t\t<\/div>\n\t\t\t\t\t<\/div>\n\t\t\t\t<\/div>\n\t\t\t\t<\/div>\n\t\t","protected":false},"excerpt":{"rendered":"<p>A Sociedade Sacerdotal dos Ap\u00f3stolos de Jesus e Maria (SAJM), fundada em 22 de agosto de 2016 por Dom Jean-Michel Faure, permanece fiel \u00e0 obra e ao combate de Dom Marcel Lefebvre, na fidelidade \u00e0 F\u00e9 de sempre. No contexto da atual crise na Igreja, e dando continuidade \u00e0 sua miss\u00e3o formativa, a SAJM engendrou um Semin\u00e1rio no Brasil, o Semin\u00e1rio Dom Marcel Lefebvre, destinado \u00e0 forma\u00e7\u00e3o e prote\u00e7\u00e3o de futuros sacerdotes segundo essa mesma linha doutrinal e espiritual.<\/p>","protected":false},"author":1,"featured_media":1990,"parent":0,"menu_order":0,"comment_status":"closed","ping_status":"closed","template":"elementor_canvas","meta":{"footnotes":""},"class_list":["post-2110","page","type-page","status-publish","has-post-thumbnail","hentry"],"yoast_head":"<!-- This site is optimized with the Yoast SEO plugin v27.4 - https:\/\/yoast.com\/product\/yoast-seo-wordpress\/ -->\n<title>Vida Cotidiana - Semin\u00e1rio Dom Marcel Lefebvre<\/title>\n<meta name=\"robots\" content=\"index, follow, max-snippet:-1, max-image-preview:large, max-video-preview:-1\" \/>\n<link rel=\"canonical\" href=\"https:\/\/seminariodomlefebvre.com\/en\/cotidiano\/\" \/>\n<meta property=\"og:locale\" content=\"en_US\" \/>\n<meta property=\"og:type\" content=\"article\" \/>\n<meta property=\"og:title\" content=\"Vida Cotidiana - Semin\u00e1rio Dom Marcel Lefebvre\" \/>\n<meta property=\"og:description\" content=\"A Sociedade Sacerdotal dos Ap\u00f3stolos de Jesus e Maria (SAJM), fundada em 22 de agosto de 2016 por Dom Jean-Michel Faure, permanece fiel \u00e0 obra e ao combate de Dom Marcel Lefebvre, na fidelidade \u00e0 F\u00e9 de sempre. No contexto da atual crise na Igreja, e dando continuidade \u00e0 sua miss\u00e3o formativa, a SAJM engendrou um Semin\u00e1rio no Brasil, o Semin\u00e1rio Dom Marcel Lefebvre, destinado \u00e0 forma\u00e7\u00e3o e prote\u00e7\u00e3o de futuros sacerdotes segundo essa mesma linha doutrinal e espiritual.\" \/>\n<meta property=\"og:url\" content=\"https:\/\/seminariodomlefebvre.com\/en\/cotidiano\/\" \/>\n<meta property=\"og:site_name\" content=\"Semin\u00e1rio Dom Marcel Lefebvre\" \/>\n<meta property=\"article:modified_time\" content=\"2026-03-30T22:55:41+00:00\" \/>\n<meta property=\"og:image\" content=\"http:\/\/seminariodomlefebvre.com\/wp-content\/uploads\/2026\/03\/IMG_20240713_145318-scaled.jpg\" \/>\n\t<meta property=\"og:image:width\" content=\"1920\" \/>\n\t<meta property=\"og:image:height\" content=\"2560\" \/>\n\t<meta property=\"og:image:type\" content=\"image\/jpeg\" \/>\n<meta name=\"twitter:card\" content=\"summary_large_image\" \/>\n<meta name=\"twitter:label1\" content=\"Est. reading time\" \/>\n\t<meta name=\"twitter:data1\" content=\"1 minute\" \/>\n<script type=\"application\/ld+json\" class=\"yoast-schema-graph\">{\"@context\":\"https:\\\/\\\/schema.org\",\"@graph\":[{\"@type\":\"WebPage\",\"@id\":\"https:\\\/\\\/seminariodomlefebvre.com\\\/cotidiano\\\/\",\"url\":\"https:\\\/\\\/seminariodomlefebvre.com\\\/cotidiano\\\/\",\"name\":\"Vida Cotidiana - Semin\u00e1rio Dom Marcel Lefebvre\",\"isPartOf\":{\"@id\":\"https:\\\/\\\/seminariodomlefebvre.com\\\/#website\"},\"primaryImageOfPage\":{\"@id\":\"https:\\\/\\\/seminariodomlefebvre.com\\\/cotidiano\\\/#primaryimage\"},\"image\":{\"@id\":\"https:\\\/\\\/seminariodomlefebvre.com\\\/cotidiano\\\/#primaryimage\"},\"thumbnailUrl\":\"https:\\\/\\\/seminariodomlefebvre.com\\\/wp-content\\\/uploads\\\/2026\\\/03\\\/IMG_20240713_145318-scaled.jpg\",\"datePublished\":\"2026-03-21T13:28:09+00:00\",\"dateModified\":\"2026-03-30T22:55:41+00:00\",\"breadcrumb\":{\"@id\":\"https:\\\/\\\/seminariodomlefebvre.com\\\/cotidiano\\\/#breadcrumb\"},\"inLanguage\":\"en-US\",\"potentialAction\":[{\"@type\":\"ReadAction\",\"target\":[\"https:\\\/\\\/seminariodomlefebvre.com\\\/cotidiano\\\/\"]}]},{\"@type\":\"ImageObject\",\"inLanguage\":\"en-US\",\"@id\":\"https:\\\/\\\/seminariodomlefebvre.com\\\/cotidiano\\\/#primaryimage\",\"url\":\"https:\\\/\\\/seminariodomlefebvre.com\\\/wp-content\\\/uploads\\\/2026\\\/03\\\/IMG_20240713_145318-scaled.jpg\",\"contentUrl\":\"https:\\\/\\\/seminariodomlefebvre.com\\\/wp-content\\\/uploads\\\/2026\\\/03\\\/IMG_20240713_145318-scaled.jpg\",\"width\":1920,\"height\":2560},{\"@type\":\"BreadcrumbList\",\"@id\":\"https:\\\/\\\/seminariodomlefebvre.com\\\/cotidiano\\\/#breadcrumb\",\"itemListElement\":[{\"@type\":\"ListItem\",\"position\":1,\"name\":\"In\u00edcio\",\"item\":\"https:\\\/\\\/seminariodomlefebvre.com\\\/\"},{\"@type\":\"ListItem\",\"position\":2,\"name\":\"Vida Cotidiana\"}]},{\"@type\":\"WebSite\",\"@id\":\"https:\\\/\\\/seminariodomlefebvre.com\\\/#website\",\"url\":\"https:\\\/\\\/seminariodomlefebvre.com\\\/\",\"name\":\"Semin\u00e1rio Dom Marcel Lefebvre\",\"description\":\"A Sociedade Sacerdotal dos Ap\u00f3stolos de Jesus e Maria (SAJM), fundada em 22 de agosto de 2016 por Dom Jean-Michel Faure, permanece fiel \u00e0 obra e ao combate de Dom Marcel Lefebvre, na fidelidade \u00e0 F\u00e9 de sempre. No contexto da atual crise da Igreja, e dando continuidade \u00e0 sua miss\u00e3o formativa, a SAJM tomou a dianteira de um semin\u00e1rio no Brasil \u2014 o Semin\u00e1rio Dom Marcel Lefebvre \u2014 destinado \u00e0 forma\u00e7\u00e3o e \u00e0 prote\u00e7\u00e3o de futuros sacerdotes segundo essa mesma linha doutrinal e espiritual.\",\"publisher\":{\"@id\":\"https:\\\/\\\/seminariodomlefebvre.com\\\/#organization\"},\"potentialAction\":[{\"@type\":\"SearchAction\",\"target\":{\"@type\":\"EntryPoint\",\"urlTemplate\":\"https:\\\/\\\/seminariodomlefebvre.com\\\/?s={search_term_string}\"},\"query-input\":{\"@type\":\"PropertyValueSpecification\",\"valueRequired\":true,\"valueName\":\"search_term_string\"}}],\"inLanguage\":\"en-US\"},{\"@type\":\"Organization\",\"@id\":\"https:\\\/\\\/seminariodomlefebvre.com\\\/#organization\",\"name\":\"Semin\u00e1rio Dom Marcel Lefebvre\",\"url\":\"https:\\\/\\\/seminariodomlefebvre.com\\\/\",\"logo\":{\"@type\":\"ImageObject\",\"inLanguage\":\"en-US\",\"@id\":\"https:\\\/\\\/seminariodomlefebvre.com\\\/#\\\/schema\\\/logo\\\/image\\\/\",\"url\":\"https:\\\/\\\/seminariodomlefebvre.com\\\/wp-content\\\/uploads\\\/2026\\\/02\\\/sajm-logo-oficial-1024x683.png\",\"contentUrl\":\"https:\\\/\\\/seminariodomlefebvre.com\\\/wp-content\\\/uploads\\\/2026\\\/02\\\/sajm-logo-oficial-1024x683.png\",\"width\":1024,\"height\":683,\"caption\":\"Semin\u00e1rio Dom Marcel Lefebvre\"},\"image\":{\"@id\":\"https:\\\/\\\/seminariodomlefebvre.com\\\/#\\\/schema\\\/logo\\\/image\\\/\"}}]}<\/script>\n<!-- \/ Yoast SEO plugin. -->","yoast_head_json":{"title":"Vida Cotidiana - Semin\u00e1rio Dom Marcel Lefebvre","robots":{"index":"index","follow":"follow","max-snippet":"max-snippet:-1","max-image-preview":"max-image-preview:large","max-video-preview":"max-video-preview:-1"},"canonical":"https:\/\/seminariodomlefebvre.com\/en\/cotidiano\/","og_locale":"en_US","og_type":"article","og_title":"Vida Cotidiana - Semin\u00e1rio Dom Marcel Lefebvre","og_description":"A Sociedade Sacerdotal dos Ap\u00f3stolos de Jesus e Maria (SAJM), fundada em 22 de agosto de 2016 por Dom Jean-Michel Faure, permanece fiel \u00e0 obra e ao combate de Dom Marcel Lefebvre, na fidelidade \u00e0 F\u00e9 de sempre. No contexto da atual crise na Igreja, e dando continuidade \u00e0 sua miss\u00e3o formativa, a SAJM engendrou um Semin\u00e1rio no Brasil, o Semin\u00e1rio Dom Marcel Lefebvre, destinado \u00e0 forma\u00e7\u00e3o e prote\u00e7\u00e3o de futuros sacerdotes segundo essa mesma linha doutrinal e espiritual.","og_url":"https:\/\/seminariodomlefebvre.com\/en\/cotidiano\/","og_site_name":"Semin\u00e1rio Dom Marcel Lefebvre","article_modified_time":"2026-03-30T22:55:41+00:00","og_image":[{"width":1920,"height":2560,"url":"http:\/\/seminariodomlefebvre.com\/wp-content\/uploads\/2026\/03\/IMG_20240713_145318-scaled.jpg","type":"image\/jpeg"}],"twitter_card":"summary_large_image","twitter_misc":{"Est. reading time":"1 minute"},"schema":{"@context":"https:\/\/schema.org","@graph":[{"@type":"WebPage","@id":"https:\/\/seminariodomlefebvre.com\/cotidiano\/","url":"https:\/\/seminariodomlefebvre.com\/cotidiano\/","name":"Vida Cotidiana - Semin\u00e1rio Dom Marcel Lefebvre","isPartOf":{"@id":"https:\/\/seminariodomlefebvre.com\/#website"},"primaryImageOfPage":{"@id":"https:\/\/seminariodomlefebvre.com\/cotidiano\/#primaryimage"},"image":{"@id":"https:\/\/seminariodomlefebvre.com\/cotidiano\/#primaryimage"},"thumbnailUrl":"https:\/\/seminariodomlefebvre.com\/wp-content\/uploads\/2026\/03\/IMG_20240713_145318-scaled.jpg","datePublished":"2026-03-21T13:28:09+00:00","dateModified":"2026-03-30T22:55:41+00:00","breadcrumb":{"@id":"https:\/\/seminariodomlefebvre.com\/cotidiano\/#breadcrumb"},"inLanguage":"en-US","potentialAction":[{"@type":"ReadAction","target":["https:\/\/seminariodomlefebvre.com\/cotidiano\/"]}]},{"@type":"ImageObject","inLanguage":"en-US","@id":"https:\/\/seminariodomlefebvre.com\/cotidiano\/#primaryimage","url":"https:\/\/seminariodomlefebvre.com\/wp-content\/uploads\/2026\/03\/IMG_20240713_145318-scaled.jpg","contentUrl":"https:\/\/seminariodomlefebvre.com\/wp-content\/uploads\/2026\/03\/IMG_20240713_145318-scaled.jpg","width":1920,"height":2560},{"@type":"BreadcrumbList","@id":"https:\/\/seminariodomlefebvre.com\/cotidiano\/#breadcrumb","itemListElement":[{"@type":"ListItem","position":1,"name":"In\u00edcio","item":"https:\/\/seminariodomlefebvre.com\/"},{"@type":"ListItem","position":2,"name":"Vida Cotidiana"}]},{"@type":"WebSite","@id":"https:\/\/seminariodomlefebvre.com\/#website","url":"https:\/\/seminariodomlefebvre.com\/","name":"Mgr Marcel Lefebvre Seminary","description":"A Sociedade Sacerdotal dos Ap\u00f3stolos de Jesus e Maria (SAJM), fundada em 22 de agosto de 2016 por Dom Jean-Michel Faure, permanece fiel \u00e0 obra e ao combate de Dom Marcel Lefebvre, na fidelidade \u00e0 F\u00e9 de sempre. No contexto da atual crise da Igreja, e dando continuidade \u00e0 sua miss\u00e3o formativa, a SAJM tomou a dianteira de um semin\u00e1rio no Brasil \u2014 o Semin\u00e1rio Dom Marcel Lefebvre \u2014 destinado \u00e0 forma\u00e7\u00e3o e \u00e0 prote\u00e7\u00e3o de futuros sacerdotes segundo essa mesma linha doutrinal e espiritual.","publisher":{"@id":"https:\/\/seminariodomlefebvre.com\/#organization"},"potentialAction":[{"@type":"SearchAction","target":{"@type":"EntryPoint","urlTemplate":"https:\/\/seminariodomlefebvre.com\/?s={search_term_string}"},"query-input":{"@type":"PropertyValueSpecification","valueRequired":true,"valueName":"search_term_string"}}],"inLanguage":"en-US"},{"@type":"Organization","@id":"https:\/\/seminariodomlefebvre.com\/#organization","name":"Mgr Marcel Lefebvre Seminary","url":"https:\/\/seminariodomlefebvre.com\/","logo":{"@type":"ImageObject","inLanguage":"en-US","@id":"https:\/\/seminariodomlefebvre.com\/#\/schema\/logo\/image\/","url":"https:\/\/seminariodomlefebvre.com\/wp-content\/uploads\/2026\/02\/sajm-logo-oficial-1024x683.png","contentUrl":"https:\/\/seminariodomlefebvre.com\/wp-content\/uploads\/2026\/02\/sajm-logo-oficial-1024x683.png","width":1024,"height":683,"caption":"Semin\u00e1rio Dom Marcel Lefebvre"},"image":{"@id":"https:\/\/seminariodomlefebvre.com\/#\/schema\/logo\/image\/"}}]}},"_hostinger_reach_plugin_has_subscription_block":false,"_hostinger_reach_plugin_is_elementor":false,"_links":{"self":[{"href":"https:\/\/seminariodomlefebvre.com\/en\/wp-json\/wp\/v2\/pages\/2110","targetHints":{"allow":["GET"]}}],"collection":[{"href":"https:\/\/seminariodomlefebvre.com\/en\/wp-json\/wp\/v2\/pages"}],"about":[{"href":"https:\/\/seminariodomlefebvre.com\/en\/wp-json\/wp\/v2\/types\/page"}],"author":[{"embeddable":true,"href":"https:\/\/seminariodomlefebvre.com\/en\/wp-json\/wp\/v2\/users\/1"}],"replies":[{"embeddable":true,"href":"https:\/\/seminariodomlefebvre.com\/en\/wp-json\/wp\/v2\/comments?post=2110"}],"version-history":[{"count":31,"href":"https:\/\/seminariodomlefebvre.com\/en\/wp-json\/wp\/v2\/pages\/2110\/revisions"}],"predecessor-version":[{"id":2212,"href":"https:\/\/seminariodomlefebvre.com\/en\/wp-json\/wp\/v2\/pages\/2110\/revisions\/2212"}],"wp:featuredmedia":[{"embeddable":true,"href":"https:\/\/seminariodomlefebvre.com\/en\/wp-json\/wp\/v2\/media\/1990"}],"wp:attachment":[{"href":"https:\/\/seminariodomlefebvre.com\/en\/wp-json\/wp\/v2\/media?parent=2110"}],"curies":[{"name":"wp","href":"https:\/\/api.w.org\/{rel}","templated":true}]}}